{"id":10618,"date":"2015-02-27T16:52:19","date_gmt":"2015-02-27T21:52:19","guid":{"rendered":"https:\/\/www.jeanlucwolff.com\/staging\/7001\/cv\/"},"modified":"2025-06-05T17:08:32","modified_gmt":"2025-06-05T21:08:32","slug":"cv","status":"publish","type":"page","link":"https:\/\/jeanlucwolff.com\/es\/cv\/","title":{"rendered":"CV"},"content":{"rendered":"<p><strong>Jean-Luc Wolff &#8211; Profesi\u00f3n: artista fot\u00f3grafo. <\/strong><\/p>\n<p>Comenc\u00e9 mi formaci\u00f3n en el Coll\u00e8ge Marsan de Montreal. A continuaci\u00f3n, obtuve una formaci\u00f3n art\u00edstica complementaria en composici\u00f3n pict\u00f3rica (Arseno &#8211; Sherbrooke) y un diploma de fotograf\u00eda en el Museo de Arte Moderno de Nueva York (NYC MoMA) bajo la direcci\u00f3n de Sarah Meister, conservadora del Departamento de Fotograf\u00eda. Tambi\u00e9n realic\u00e9 un curso sobre &#8220;Breve historia de la fotograf\u00eda&#8221; en la R\u00e9union des Mus\u00e9es Nationaux- Grand Palais de Par\u00eds y un curso sobre dise\u00f1o de sitios web en la Universidad Estatal de Nueva York.<\/p>\n<p><b> Exposiciones colectivas (selecci\u00f3n):<\/b><\/p>\n<ul>\n<li>2024-2025:\n<ul>\n<li style=\"list-style-type: none;\">\n<ul>\n<li style=\"list-style-type: none;\">\n<ul>\n<li style=\"list-style-type: none;\">\n<ul>\n<li style=\"list-style-type: none;\">\n<ul>\n<li style=\"list-style-type: none;\">\n<ul>\n<li style=\"list-style-type: none;\">\n<ul>\n<li style=\"list-style-type: none;\">\n<ul>\n<li>Resonancia del Tiempo &#8211; Distrito Humano &#8211; Museo de Bellas Artes de Sherbrooke &#8211; Sherbrooke &#8211; Qu\u00e9bec &#8211; Canad\u00e1<\/li>\n<\/ul>\n<\/li>\n<\/ul>\n<\/li>\n<\/ul>\n<\/li>\n<\/ul>\n<\/li>\n<\/ul>\n<\/li>\n<\/ul>\n<\/li>\n<\/ul>\n<\/li>\n<\/ul>\n<\/li>\n<li>2024:\n<ul>\n<li style=\"list-style-type: none;\">\n<ul>\n<li style=\"list-style-type: none;\">\n<ul>\n<li style=\"list-style-type: none;\">\n<ul>\n<li style=\"list-style-type: none;\">\n<ul>\n<li style=\"list-style-type: none;\">\n<ul>\n<li style=\"list-style-type: none;\">\n<ul>\n<li style=\"list-style-type: none;\">\n<ul>\n<li>Blue Mood &#8211; 7 &#8211; CIRCA Art Actuel &#8211; Montreal &#8211; Qu\u00e9bec &#8211; Canad\u00e1<\/li>\n<\/ul>\n<\/li>\n<\/ul>\n<\/li>\n<\/ul>\n<\/li>\n<\/ul>\n<\/li>\n<\/ul>\n<\/li>\n<\/ul>\n<\/li>\n<\/ul>\n<\/li>\n<\/ul>\n<\/li>\n<\/ul>\n<ul>\n<li>2022: \n<ul>\n<li style=\"list-style-type: none;\">\n<ul>\n<li style=\"list-style-type: none;\">\n<ul>\n<li style=\"list-style-type: none;\">\n<ul>\n<li style=\"list-style-type: none;\">\n<ul>\n<li style=\"list-style-type: none;\">\n<ul>\n<li style=\"list-style-type: none;\">\n<ul>\n<li style=\"list-style-type: none;\">\n<ul>\n<li>L\u00edneas &#8211; Centro Cultural y Patrimonial de las Tierras Altas &#8211; Sherbrooke &#8211; Quebec &#8211; Canad\u00e1<\/li>\n<\/ul>\n<\/li>\n<\/ul>\n<\/li>\n<\/ul>\n<\/li>\n<\/ul>\n<\/li>\n<\/ul>\n<\/li>\n<\/ul>\n<\/li>\n<\/ul>\n<\/li>\n<\/ul>\n<\/li>\n<li>2021: \n<ul>\n<li style=\"list-style-type: none;\">\n<ul>\n<li style=\"list-style-type: none;\">\n<ul>\n<li style=\"list-style-type: none;\">\n<ul>\n<li style=\"list-style-type: none;\">\n<ul>\n<li style=\"list-style-type: none;\">\n<ul>\n<li style=\"list-style-type: none;\">\n<ul>\n<li style=\"list-style-type: none;\">\n<ul>\n<li>Blanco y Negro &#8211; Maison des Arts et de la Culture de Brompton &#8211; Sherbrooke &#8211; Qu\u00e9bec &#8211; Canad\u00e1<\/li>\n<li>Antes y Despu\u00e9s &#8211; Museo de Historia de Sherbrooke &#8211; Qu\u00e9bec &#8211; Canad\u00e1<\/li>\n<li>Sabores de Australia &#8211; Le Carr\u00e9 du Temple &#8211; Par\u00eds<\/li>\n<\/ul>\n<\/li>\n<\/ul>\n<\/li>\n<\/ul>\n<\/li>\n<\/ul>\n<\/li>\n<\/ul>\n<\/li>\n<\/ul>\n<\/li>\n<\/ul>\n<\/li>\n<\/ul>\n<\/li>\n<li>2019: \n<ul>\n<li style=\"list-style-type: none;\">\n<ul>\n<li style=\"list-style-type: none;\">\n<ul>\n<li style=\"list-style-type: none;\">\n<ul>\n<li style=\"list-style-type: none;\">\n<ul>\n<li style=\"list-style-type: none;\">\n<ul>\n<li style=\"list-style-type: none;\">\n<ul>\n<li style=\"list-style-type: none;\">\n<ul>\n<li>Texto e Imagen &#8211; Maison des Arts et de la Culture de Brompton &#8211; Sherbrooke &#8211; Qu\u00e9bec &#8211; Canad\u00e1<\/li>\n<li>Arquitectura &#8211; Comit\u00e9 de Arte y Cultura Jacques Cartier &#8211; Sherbrooke &#8211; Quebec &#8211; Canad\u00e1<\/li>\n<li>Centro 365 &#8211; Plaza Strathcona &#8211; Sherbrooke &#8211; Quebec &#8211; Canad\u00e1<\/li>\n<\/ul>\n<\/li>\n<\/ul>\n<\/li>\n<\/ul>\n<\/li>\n<\/ul>\n<\/li>\n<\/ul>\n<\/li>\n<\/ul>\n<\/li>\n<\/ul>\n<\/li>\n<\/ul>\n<\/li>\n<li>2018:\n<ul>\n<li style=\"list-style-type: none;\">\n<ul>\n<li style=\"list-style-type: none;\">\n<ul>\n<li style=\"list-style-type: none;\">\n<ul>\n<li style=\"list-style-type: none;\">\n<ul>\n<li style=\"list-style-type: none;\">\n<ul>\n<li style=\"list-style-type: none;\">\n<ul>\n<li style=\"list-style-type: none;\">\n<ul>\n<li>Jaune &#8211; Casa de las Artes y la Cultura de Brompton &#8211; Sherbrooke &#8211; Quebec &#8211; Canad\u00e1<\/li>\n<li>Musique en t\u00eate &#8211; Centre Culturel &#8211; Le Parvis &#8211; Sherbrooke &#8211; Quebec &#8211; Canad\u00e1<\/li>\n<\/ul>\n<\/li>\n<\/ul>\n<\/li>\n<\/ul>\n<\/li>\n<\/ul>\n<\/li>\n<\/ul>\n<\/li>\n<\/ul>\n<\/li>\n<\/ul>\n<\/li>\n<\/ul>\n<\/li>\n<li>2016:\n<ul>\n<li style=\"list-style-type: none;\">\n<ul>\n<li style=\"list-style-type: none;\">\n<ul>\n<li style=\"list-style-type: none;\">\n<ul>\n<li style=\"list-style-type: none;\">\n<ul>\n<li style=\"list-style-type: none;\">\n<ul>\n<li style=\"list-style-type: none;\">\n<ul>\n<li style=\"list-style-type: none;\">\n<ul>\n<li>L&#8217;Oeuf &#8211; Centre Culturel Pierre Gobeil &#8211; Sherbrooke &#8211; Quebec &#8211; Canad\u00e1<\/li>\n<\/ul>\n<\/li>\n<\/ul>\n<\/li>\n<\/ul>\n<\/li>\n<\/ul>\n<\/li>\n<\/ul>\n<\/li>\n<\/ul>\n<\/li>\n<\/ul>\n<\/li>\n<\/ul>\n<\/li>\n<li>2013: \n<ul>\n<li style=\"list-style-type: none;\">\n<ul>\n<li style=\"list-style-type: none;\">\n<ul>\n<li style=\"list-style-type: none;\">\n<ul>\n<li style=\"list-style-type: none;\">\n<ul>\n<li style=\"list-style-type: none;\">\n<ul>\n<li style=\"list-style-type: none;\">\n<ul>\n<li style=\"list-style-type: none;\">\n<ul>\n<li>Autorretratos &#8211; Centro de Artes de Orford &#8211; Orford &#8211; Quebec &#8211; Canad\u00e1<\/li>\n<li>Regreso al Futuro &#8211; Service d&#8217;aide aux N\u00e9o-canadiens (SANC) &#8211; Sherbrooke &#8211; Qu\u00e9bec &#8211; Canad\u00e1<\/li>\n<\/ul>\n<\/li>\n<\/ul>\n<\/li>\n<\/ul>\n<\/li>\n<\/ul>\n<\/li>\n<\/ul>\n<\/li>\n<\/ul>\n<\/li>\n<\/ul>\n<\/li>\n<\/ul>\n<\/li>\n<li>2012: \n<ul>\n<li style=\"list-style-type: none;\">\n<ul>\n<li style=\"list-style-type: none;\">\n<ul>\n<li style=\"list-style-type: none;\">\n<ul>\n<li style=\"list-style-type: none;\">\n<ul>\n<li style=\"list-style-type: none;\">\n<ul>\n<li style=\"list-style-type: none;\">\n<ul>\n<li style=\"list-style-type: none;\">\n<ul>\n<li>Paisaje urbano &#8211; El Centro de Fotograf\u00eda Art\u00edstica &#8211; Fort Collins &#8211; Colorado &#8211; EE.UU.<\/li>\n<\/ul>\n<\/li>\n<\/ul>\n<\/li>\n<\/ul>\n<\/li>\n<\/ul>\n<\/li>\n<\/ul>\n<\/li>\n<\/ul>\n<\/li>\n<\/ul>\n<\/li>\n<\/ul>\n<\/li>\n<li>2011: \n<ul>\n<li style=\"list-style-type: none;\">\n<ul>\n<li style=\"list-style-type: none;\">\n<ul>\n<li style=\"list-style-type: none;\">\n<ul>\n<li style=\"list-style-type: none;\">\n<ul>\n<li style=\"list-style-type: none;\">\n<ul>\n<li style=\"list-style-type: none;\">\n<ul>\n<li style=\"list-style-type: none;\">\n<ul>\n<li>Aire de creaci\u00f3n &#8211; Maison des Arts et de la Culture de Brompton &#8211; Sherbrooke &#8211; Quebec &#8211; Canad\u00e1.<\/li>\n<li>Autorretratos &#8211; March\u00e9 de la Gare &#8211; Sherbrooke &#8211; Quebec &#8211; Canad\u00e1.<\/li>\n<\/ul>\n<\/li>\n<\/ul>\n<\/li>\n<\/ul>\n<\/li>\n<\/ul>\n<\/li>\n<\/ul>\n<\/li>\n<\/ul>\n<\/li>\n<\/ul>\n<\/li>\n<\/ul>\n<\/li>\n<li>2007: \n<ul>\n<li style=\"list-style-type: none;\">\n<ul>\n<li style=\"list-style-type: none;\">\n<ul>\n<li style=\"list-style-type: none;\">\n<ul>\n<li style=\"list-style-type: none;\">\n<ul>\n<li style=\"list-style-type: none;\">\n<ul>\n<li style=\"list-style-type: none;\">\n<ul>\n<li style=\"list-style-type: none;\">\n<ul>\n<li>Les chemins de campagne &#8211; Casa de las Artes y la Cultura de Brompton &#8211; Sherbrooke &#8211; Quebec &#8211; Canad\u00e1.<\/li>\n<\/ul>\n<\/li>\n<\/ul>\n<\/li>\n<\/ul>\n<\/li>\n<\/ul>\n<\/li>\n<\/ul>\n<\/li>\n<\/ul>\n<\/li>\n<\/ul>\n<\/li>\n<\/ul>\n<\/li>\n<\/ul>\n<ul>\n<li>2006: \n<ul>\n<li style=\"list-style-type: none;\">\n<ul>\n<li style=\"list-style-type: none;\">\n<ul>\n<li style=\"list-style-type: none;\">\n<ul>\n<li style=\"list-style-type: none;\">\n<ul>\n<li style=\"list-style-type: none;\">\n<ul>\n<li style=\"list-style-type: none;\">\n<ul>\n<li style=\"list-style-type: none;\">\n<ul>\n<li>Sherbrooke y sus municipios &#8211; Centro Cultural y Patrimonial de las Tierras Altas &#8211; Sherbrooke &#8211; Quebec &#8211; Canad\u00e1<\/li>\n<\/ul>\n<\/li>\n<\/ul>\n<\/li>\n<\/ul>\n<\/li>\n<\/ul>\n<\/li>\n<\/ul>\n<\/li>\n<\/ul>\n<\/li>\n<\/ul>\n<\/li>\n<\/ul>\n<\/li>\n<\/ul>\n<p>\u00a0<\/p>\n<p><b> Exposiciones individuales:<\/b><\/p>\n<ul>\n<li>2025:\n<ul>\n<li style=\"list-style-type: none;\">\n<ul>\n<li style=\"list-style-type: none;\">\n<ul>\n<li style=\"list-style-type: none;\">\n<ul>\n<li style=\"list-style-type: none;\">\n<ul>\n<li style=\"list-style-type: none;\">\n<ul>\n<li style=\"list-style-type: none;\">\n<ul>\n<li style=\"list-style-type: none;\">\n<ul>\n<li>T\u00eate-\u00e0-la-Baleine &#8211; Centro Cultural y Patrimonial de las Tierras Altas &#8211; Sherbrooke &#8211; Quebec &#8211; Canad\u00e1<\/li>\n<\/ul>\n<\/li>\n<\/ul>\n<\/li>\n<\/ul>\n<\/li>\n<\/ul>\n<\/li>\n<\/ul>\n<\/li>\n<\/ul>\n<\/li>\n<\/ul>\n<\/li>\n<\/ul>\n<\/li>\n<li>2024:\n<ul>\n<li style=\"list-style-type: none;\">\n<ul>\n<li style=\"list-style-type: none;\">\n<ul>\n<li style=\"list-style-type: none;\">\n<ul>\n<li style=\"list-style-type: none;\">\n<ul>\n<li style=\"list-style-type: none;\">\n<ul>\n<li style=\"list-style-type: none;\">\n<ul>\n<li style=\"list-style-type: none;\">\n<ul>\n<li>Blue Mood &#8211; Museo Desjardins de la Fotograf\u00eda &#8211; Drummondville &#8211; Quebec &#8211; Canad\u00e1<\/li>\n<\/ul>\n<\/li>\n<\/ul>\n<\/li>\n<\/ul>\n<\/li>\n<\/ul>\n<\/li>\n<\/ul>\n<\/li>\n<\/ul>\n<\/li>\n<\/ul>\n<\/li>\n<\/ul>\n<\/li>\n<li>2023:\n<ul>\n<li style=\"list-style-type: none;\">\n<ul>\n<li style=\"list-style-type: none;\">\n<ul>\n<li style=\"list-style-type: none;\">\n<ul>\n<li style=\"list-style-type: none;\">\n<ul>\n<li style=\"list-style-type: none;\">\n<ul>\n<li style=\"list-style-type: none;\">\n<ul>\n<li style=\"list-style-type: none;\">\n<ul>\n<li>Blue Mood &#8211; La Maison Bleue &#8211; Sherbrooke &#8211; Qu\u00e9bec -Canada<\/li>\n<\/ul>\n<\/li>\n<\/ul>\n<\/li>\n<\/ul>\n<\/li>\n<\/ul>\n<\/li>\n<\/ul>\n<\/li>\n<\/ul>\n<\/li>\n<\/ul>\n<\/li>\n<\/ul>\n<\/li>\n<li>2016:\n<ul>\n<li style=\"list-style-type: none;\">\n<ul>\n<li style=\"list-style-type: none;\">\n<ul>\n<li style=\"list-style-type: none;\">\n<ul>\n<li style=\"list-style-type: none;\">\n<ul>\n<li style=\"list-style-type: none;\">\n<ul>\n<li style=\"list-style-type: none;\">\n<ul>\n<li style=\"list-style-type: none;\">\n<ul>\n<li>Jours de F\u00eates &#8211; Ste-S\u00e9v\u00e8re sur Indre &#8211; Francia<\/li>\n<\/ul>\n<\/li>\n<\/ul>\n<\/li>\n<\/ul>\n<\/li>\n<\/ul>\n<\/li>\n<\/ul>\n<\/li>\n<\/ul>\n<\/li>\n<\/ul>\n<\/li>\n<\/ul>\n<\/li>\n<\/ul>\n<ul>\n<li style=\"list-style-type: none;\">\n<ul>\n<li style=\"list-style-type: none;\">\n<ul>\n<li style=\"list-style-type: none;\">\n<ul>\n<li style=\"list-style-type: none;\">\n<ul>\n<li style=\"list-style-type: none;\">\u00a0<\/li>\n<\/ul>\n<\/li>\n<\/ul>\n<\/li>\n<\/ul>\n<\/li>\n<\/ul>\n<\/li>\n<\/ul>\n<p><b> Colaboraciones:<\/b><\/p>\n<ul>\n<li>2024 &#8211; 2026:\n<ul>\n<li style=\"list-style-type: none;\">\n<ul>\n<li style=\"list-style-type: none;\">\n<ul>\n<li style=\"list-style-type: none;\">\n<ul>\n<li style=\"list-style-type: none;\">\n<ul>\n<li style=\"list-style-type: none;\">\n<ul>\n<li style=\"list-style-type: none;\">\n<ul>\n<li style=\"list-style-type: none;\">\n<ul>\n<li>Retratos &#8211; en colaboraci\u00f3n con Guillaume Persaint (P\u00e2tissier, antiguo profesor de P\u00e2tisserie en el Centro de formaci\u00f3n-24 de junio) &#8211; Sherbrooke &#8211; Qu\u00e9bec &#8211; Canad\u00e1 (proyecto)<\/li>\n<\/ul>\n<\/li>\n<\/ul>\n<\/li>\n<\/ul>\n<\/li>\n<\/ul>\n<\/li>\n<\/ul>\n<\/li>\n<\/ul>\n<\/li>\n<\/ul>\n<\/li>\n<\/ul>\n<\/li>\n<li>2011:\n<ul>\n<li style=\"list-style-type: none;\">\n<ul>\n<li style=\"list-style-type: none;\">\n<ul>\n<li style=\"list-style-type: none;\">\n<ul>\n<li style=\"list-style-type: none;\">\n<ul>\n<li style=\"list-style-type: none;\">\n<ul>\n<li style=\"list-style-type: none;\">\n<ul>\n<li style=\"list-style-type: none;\">\n<ul>\n<li>2 fotograf\u00edas publicadas en la revista literaria &#8220;Jet d&#8217;encre&#8221; &#8211; #022 &#8211; Mitolog\u00edas sherbrookoises<\/li>\n<\/ul>\n<\/li>\n<\/ul>\n<\/li>\n<\/ul>\n<\/li>\n<\/ul>\n<\/li>\n<\/ul>\n<\/li>\n<\/ul>\n<\/li>\n<\/ul>\n<\/li>\n<\/ul>\n<\/li>\n<\/ul>\n<p><b> <\/b><b>Conferencias:<\/b><\/p>\n<ul>\n<li>2025:\n<ul>\n<li style=\"list-style-type: none;\">\n<ul>\n<li style=\"list-style-type: none;\">\n<ul>\n<li style=\"list-style-type: none;\">\n<ul>\n<li style=\"list-style-type: none;\">\n<ul>\n<li style=\"list-style-type: none;\">\n<ul>\n<li style=\"list-style-type: none;\">\n<ul>\n<li style=\"list-style-type: none;\">\n<ul>\n<li>\u00bfC\u00f3mo hacer una exposici\u00f3n? &#8211; Club de Fotograf\u00eda de Sherbrooke &#8211; Sherbrooke &#8211; Quebec &#8211; Canad\u00e1.<\/li>\n<\/ul>\n<\/li>\n<\/ul>\n<\/li>\n<\/ul>\n<\/li>\n<\/ul>\n<\/li>\n<\/ul>\n<\/li>\n<\/ul>\n<\/li>\n<\/ul>\n<\/li>\n<\/ul>\n<\/li>\n<li>2011:<\/li>\n<\/ul>\n<ul>\n<li style=\"list-style-type: none;\">\n<ul>\n<li style=\"list-style-type: none;\">\n<ul>\n<li style=\"list-style-type: none;\">\n<ul>\n<li style=\"list-style-type: none;\">\n<ul>\n<li style=\"list-style-type: none;\">\n<ul>\n<li style=\"list-style-type: none;\">\n<ul>\n<li style=\"list-style-type: none;\">\n<ul>\n<li style=\"list-style-type: none;\">\n<ul>\n<li>Les photographes en -ski &#8211; Club de Fotograf\u00eda de Sherbrooke &#8211; Sherbrooke &#8211; Quebec &#8211; Canad\u00e1.<\/li>\n<\/ul>\n<\/li>\n<\/ul>\n<\/li>\n<\/ul>\n<\/li>\n<\/ul>\n<\/li>\n<\/ul>\n<\/li>\n<\/ul>\n<\/li>\n<\/ul>\n<\/li>\n<\/ul>\n<\/li>\n<\/ul>\n<p><b> Otros:<\/b><\/p>\n<ul>\n<li>2024:\n<ul>\n<li style=\"list-style-type: none;\">\n<ul>\n<li style=\"list-style-type: none;\">\n<ul>\n<li style=\"list-style-type: none;\">\n<ul>\n<li style=\"list-style-type: none;\">\n<ul>\n<li style=\"list-style-type: none;\">\n<ul>\n<li style=\"list-style-type: none;\">\n<ul>\n<li style=\"list-style-type: none;\">\n<ul>\n<li>Dos fotograf\u00edas seleccionadas, &#8220;Joyeuse St-Valentin!&#8221; en febrero y &#8220;Parfum de vacances&#8221; en agosto, para su publicaci\u00f3n en la web de &#8220;L&#8217;Oeil de la Photographie&#8221; &#8211; Par\u00eds &#8211; Francia<\/li>\n<\/ul>\n<\/li>\n<\/ul>\n<\/li>\n<\/ul>\n<\/li>\n<\/ul>\n<\/li>\n<\/ul>\n<\/li>\n<\/ul>\n<\/li>\n<\/ul>\n<\/li>\n<\/ul>\n<\/li>\n<li>2023:\n<ul>\n<li style=\"list-style-type: none;\">\n<ul>\n<li style=\"list-style-type: none;\">\n<ul>\n<li style=\"list-style-type: none;\">\n<ul>\n<li style=\"list-style-type: none;\">\n<ul>\n<li style=\"list-style-type: none;\">\n<ul>\n<li style=\"list-style-type: none;\">\n<ul>\n<li style=\"list-style-type: none;\">\n<ul>\n<li>Residencia art\u00edstica &#8211; Maison Bleue &#8211; Sherbrooke<\/li>\n<\/ul>\n<\/li>\n<\/ul>\n<\/li>\n<\/ul>\n<\/li>\n<\/ul>\n<\/li>\n<\/ul>\n<\/li>\n<\/ul>\n<\/li>\n<\/ul>\n<\/li>\n<\/ul>\n<\/li>\n<li>2022:\n<ul>\n<li style=\"list-style-type: none;\">\n<ul>\n<li style=\"list-style-type: none;\">\n<ul>\n<li style=\"list-style-type: none;\">\n<ul>\n<li style=\"list-style-type: none;\">\n<ul>\n<li style=\"list-style-type: none;\">\n<ul>\n<li style=\"list-style-type: none;\">\n<ul>\n<li style=\"list-style-type: none;\">\n<ul>\n<li>Creaci\u00f3n y lanzamiento de un <a href=\"http:\/\/bit.ly\/3Uh4a5J\">blog<\/a> sobre fotograf\u00eda contempor\u00e1nea<\/li>\n<li>Creaci\u00f3n y lanzamiento de un calendario Web din\u00e1mico de exposiciones de fotograf\u00eda en Quebec y en otros lugares, as\u00ed como de varias exposiciones de artes visuales. Mediante un formulario, este calendario est\u00e1 abierto a presentadores y artistas. Est\u00e1 vinculado al blog sobre fotograf\u00eda contempor\u00e1nea.<\/li>\n<li>Creaci\u00f3n y lanzamiento de un bolet\u00edn vinculado al blog sobre fotograf\u00eda contempor\u00e1nea.<\/li>\n<\/ul>\n<\/li>\n<\/ul>\n<\/li>\n<\/ul>\n<\/li>\n<\/ul>\n<\/li>\n<\/ul>\n<\/li>\n<\/ul>\n<\/li>\n<\/ul>\n<\/li>\n<\/ul>\n<\/li>\n<li>2021:\n<ul>\n<li style=\"list-style-type: none;\">\n<ul>\n<li style=\"list-style-type: none;\">\n<ul>\n<li style=\"list-style-type: none;\">\n<ul>\n<li style=\"list-style-type: none;\">\n<ul>\n<li style=\"list-style-type: none;\">\n<ul>\n<li style=\"list-style-type: none;\">\n<ul>\n<li style=\"list-style-type: none;\">\n<ul>\n<li>Fotograf\u00eda seleccionada (Hulot 2.0) para su publicaci\u00f3n en Internet por &#8220;L&#8217;\u0152il Photographie&#8221; &#8211; Par\u00eds &#8211; Francia.<\/li>\n<\/ul>\n<\/li>\n<\/ul>\n<\/li>\n<\/ul>\n<\/li>\n<\/ul>\n<\/li>\n<\/ul>\n<\/li>\n<\/ul>\n<\/li>\n<\/ul>\n<\/li>\n<\/ul>\n<\/li>\n<li>2020:\n<ul>\n<li style=\"list-style-type: none;\">\n<ul>\n<li style=\"list-style-type: none;\">\n<ul>\n<li style=\"list-style-type: none;\">\n<ul>\n<li style=\"list-style-type: none;\">\n<ul>\n<li style=\"list-style-type: none;\">\n<ul>\n<li style=\"list-style-type: none;\">\n<ul>\n<li style=\"list-style-type: none;\">\n<ul>\n<li>Una fotograf\u00eda seleccionada (South Beach) para su publicaci\u00f3n en Internet por &#8220;L&#8217;\u0152il de la Photographie&#8221; &#8211; Par\u00eds &#8211; Francia.<\/li>\n<\/ul>\n<\/li>\n<\/ul>\n<\/li>\n<\/ul>\n<\/li>\n<\/ul>\n<\/li>\n<\/ul>\n<\/li>\n<\/ul>\n<\/li>\n<\/ul>\n<\/li>\n<\/ul>\n<\/li>\n<\/ul>\n<ul>\n<li style=\"list-style-type: none;\">\n<ul>\n<li style=\"list-style-type: none;\">\n<ul>\n<li style=\"list-style-type: none;\">\n<ul>\n<li style=\"list-style-type: none;\">\n<ul>\n<li style=\"list-style-type: none;\">\u00a0<\/li>\n<\/ul>\n<\/li>\n<\/ul>\n<\/li>\n<\/ul>\n<\/li>\n<\/ul>\n<\/li>\n<\/ul>\n<p><b> Vida comunitaria y participaci\u00f3n:<\/b><\/p>\n<ul>\n<li style=\"list-style-type: none;\">\n<ul>\n<li style=\"list-style-type: none;\">\n<ul>\n<li style=\"list-style-type: none;\">\n<ul>\n<li style=\"list-style-type: none;\">\n<ul>\n<li style=\"list-style-type: none;\">\n<ul>\n<li style=\"list-style-type: none;\">\n<ul>\n<li style=\"list-style-type: none;\">\n<ul>\n<li style=\"list-style-type: none;\">\n<ul>\n<li>Miembro profesional del RAAV (Regroupement des Artistes en Arts Visuels) &#8211; Quebec &#8211; Canad\u00e1 &#8211; 2025 &#8211;<\/li>\n<li>Miembro del Conseil de la Culture de l&#8217;Estrie &#8211; Quebec &#8211; Canad\u00e1 &#8211; 2022 &#8211;<\/li>\n<li>Miembro del Museo de Bellas Artes de Sherbrooke &#8211; Qu\u00e9bec &#8211; Canad\u00e1 &#8211; 2018 &#8211;<\/li>\n<li>Miembro de la Maison des arts et de la Culture de Brompton &#8211; Sherbrooke &#8211; Qu\u00e9bec &#8211; Canad\u00e1 &#8211; 2017-2023<\/li>\n<\/ul>\n<\/li>\n<\/ul>\n<\/li>\n<\/ul>\n<\/li>\n<\/ul>\n<\/li>\n<\/ul>\n<\/li>\n<\/ul>\n<\/li>\n<\/ul>\n<\/li>\n<\/ul>\n<\/li>\n<\/ul>\n<ul>\n<li style=\"list-style-type: none;\">\n<ul>\n<li style=\"list-style-type: none;\">\n<ul>\n<li style=\"list-style-type: none;\">\u00a0<\/li>\n<\/ul>\n<\/li>\n<\/ul>\n<\/li>\n<\/ul>\n","protected":false},"excerpt":{"rendered":"<p>Jean-Luc Wolff &#8211; Profesi\u00f3n: artista fot\u00f3grafo. Comenc\u00e9 mi formaci\u00f3n en el Coll\u00e8ge Marsan de Montreal. A continuaci\u00f3n, obtuve una formaci\u00f3n art\u00edstica complementaria en composici\u00f3n pict\u00f3rica (Arseno &#8211; Sherbrooke) y un diploma de fotograf\u00eda en el Museo de Arte Moderno de Nueva York (NYC MoMA) bajo la direcci\u00f3n de Sarah Meister, conservadora del Departamento de Fotograf\u00eda.&hellip;<\/p>\n","protected":false},"author":1,"featured_media":0,"parent":0,"menu_order":0,"comment_status":"open","ping_status":"open","template":"","meta":{"_acf_changed":false,"nf_dc_page":"","footnotes":""},"class_list":["post-10618","page","type-page","status-publish","hentry"],"acf":[],"yoast_head":"<!-- This site is optimized with the Yoast SEO plugin v28.4 - https:\/\/yoast.com\/product\/yoast-seo-wordpress\/ -->\n<title>CV &#183; Jean-Luc Wolff<\/title>\n<meta name=\"robots\" content=\"noindex, follow\" \/>\n<meta property=\"og:locale\" content=\"es_ES\" \/>\n<meta property=\"og:type\" content=\"article\" \/>\n<meta property=\"og:title\" content=\"CV &#183; Jean-Luc Wolff\" \/>\n<meta property=\"og:description\" content=\"Jean-Luc Wolff &#8211; Profesi\u00f3n: artista fot\u00f3grafo. Comenc\u00e9 mi formaci\u00f3n en el Coll\u00e8ge Marsan de Montreal. A continuaci\u00f3n, obtuve una formaci\u00f3n art\u00edstica complementaria en composici\u00f3n pict\u00f3rica (Arseno &#8211; Sherbrooke) y un diploma de fotograf\u00eda en el Museo de Arte Moderno de Nueva York (NYC MoMA) bajo la direcci\u00f3n de Sarah Meister, conservadora del Departamento de Fotograf\u00eda.&hellip;\" \/>\n<meta property=\"og:url\" content=\"https:\/\/jeanlucwolff.com\/es\/cv\/\" \/>\n<meta property=\"og:site_name\" content=\"Jean-Luc Wolff\" \/>\n<meta property=\"article:publisher\" content=\"https:\/\/www.facebook.com\/JeanLucWolffPhotographe\" \/>\n<meta property=\"article:modified_time\" content=\"2025-06-05T21:08:32+00:00\" \/>\n<meta name=\"twitter:card\" content=\"summary_large_image\" \/>\n<meta name=\"twitter:site\" content=\"@jeanlucwolff\" \/>\n<meta name=\"twitter:label1\" content=\"Est. reading time\" \/>\n\t<meta name=\"twitter:data1\" content=\"4 minutos\" \/>\n<script type=\"application\/ld+json\" class=\"yoast-schema-graph\">{\"@context\":\"https:\\\/\\\/schema.org\",\"@graph\":[{\"@type\":\"WebPage\",\"@id\":\"https:\\\/\\\/jeanlucwolff.com\\\/es\\\/cv\\\/\",\"url\":\"https:\\\/\\\/jeanlucwolff.com\\\/es\\\/cv\\\/\",\"name\":\"CV &#183; Jean-Luc Wolff\",\"isPartOf\":{\"@id\":\"https:\\\/\\\/jeanlucwolff.com\\\/es\\\/#website\"},\"datePublished\":\"2015-02-27T21:52:19+00:00\",\"dateModified\":\"2025-06-05T21:08:32+00:00\",\"breadcrumb\":{\"@id\":\"https:\\\/\\\/jeanlucwolff.com\\\/es\\\/cv\\\/#breadcrumb\"},\"inLanguage\":\"es\",\"potentialAction\":[{\"@type\":\"ReadAction\",\"target\":[\"https:\\\/\\\/jeanlucwolff.com\\\/es\\\/cv\\\/\"]}]},{\"@type\":\"BreadcrumbList\",\"@id\":\"https:\\\/\\\/jeanlucwolff.com\\\/es\\\/cv\\\/#breadcrumb\",\"itemListElement\":[{\"@type\":\"ListItem\",\"position\":1,\"name\":\"Inicio\",\"item\":\"https:\\\/\\\/jeanlucwolff.com\\\/es\\\/\"},{\"@type\":\"ListItem\",\"position\":2,\"name\":\"CV\"}]},{\"@type\":\"WebSite\",\"@id\":\"https:\\\/\\\/jeanlucwolff.com\\\/es\\\/#website\",\"url\":\"https:\\\/\\\/jeanlucwolff.com\\\/es\\\/\",\"name\":\"Jean-Luc Wolff\",\"description\":\"Photography\",\"publisher\":{\"@id\":\"https:\\\/\\\/jeanlucwolff.com\\\/es\\\/#\\\/schema\\\/person\\\/5f5482fb52f206c6e06f1d98498c00c7\"},\"potentialAction\":[{\"@type\":\"SearchAction\",\"target\":{\"@type\":\"EntryPoint\",\"urlTemplate\":\"https:\\\/\\\/jeanlucwolff.com\\\/es\\\/?s={search_term_string}\"},\"query-input\":{\"@type\":\"PropertyValueSpecification\",\"valueRequired\":true,\"valueName\":\"search_term_string\"}}],\"inLanguage\":\"es\"},{\"@type\":[\"Person\",\"Organization\"],\"@id\":\"https:\\\/\\\/jeanlucwolff.com\\\/es\\\/#\\\/schema\\\/person\\\/5f5482fb52f206c6e06f1d98498c00c7\",\"name\":\"Jean-Luc Wolff\",\"image\":{\"@type\":\"ImageObject\",\"inLanguage\":\"es\",\"@id\":\"https:\\\/\\\/jeanlucwolff.com\\\/wp-content\\\/uploads\\\/2023\\\/12\\\/logo-color-gris-157.jpg\",\"url\":\"https:\\\/\\\/jeanlucwolff.com\\\/wp-content\\\/uploads\\\/2023\\\/12\\\/logo-color-gris-157.jpg\",\"contentUrl\":\"https:\\\/\\\/jeanlucwolff.com\\\/wp-content\\\/uploads\\\/2023\\\/12\\\/logo-color-gris-157.jpg\",\"width\":157,\"height\":157,\"caption\":\"Jean-Luc Wolff\"},\"logo\":{\"@id\":\"https:\\\/\\\/jeanlucwolff.com\\\/wp-content\\\/uploads\\\/2023\\\/12\\\/logo-color-gris-157.jpg\"},\"sameAs\":[\"https:\\\/\\\/jeanlucwolff.com\",\"https:\\\/\\\/www.facebook.com\\\/JeanLucWolffPhotographe\",\"https:\\\/\\\/www.instagram.com\\\/jeanlucwolffphoto\\\/\",\"https:\\\/\\\/www.linkedin.com\\\/in\\\/jean-luc-wolff-85a87643\\\/\",\"https:\\\/\\\/x.com\\\/jeanlucwolff\"]}]}<\/script>\n<!-- \/ Yoast SEO plugin. -->","yoast_head_json":{"title":"CV &#183; Jean-Luc Wolff","robots":{"index":"noindex","follow":"follow"},"og_locale":"es_ES","og_type":"article","og_title":"CV &#183; Jean-Luc Wolff","og_description":"Jean-Luc Wolff &#8211; Profesi\u00f3n: artista fot\u00f3grafo. Comenc\u00e9 mi formaci\u00f3n en el Coll\u00e8ge Marsan de Montreal. A continuaci\u00f3n, obtuve una formaci\u00f3n art\u00edstica complementaria en composici\u00f3n pict\u00f3rica (Arseno &#8211; Sherbrooke) y un diploma de fotograf\u00eda en el Museo de Arte Moderno de Nueva York (NYC MoMA) bajo la direcci\u00f3n de Sarah Meister, conservadora del Departamento de Fotograf\u00eda.&hellip;","og_url":"https:\/\/jeanlucwolff.com\/es\/cv\/","og_site_name":"Jean-Luc Wolff","article_publisher":"https:\/\/www.facebook.com\/JeanLucWolffPhotographe","article_modified_time":"2025-06-05T21:08:32+00:00","twitter_card":"summary_large_image","twitter_site":"@jeanlucwolff","twitter_misc":{"Est. reading time":"4 minutos"},"schema":{"@context":"https:\/\/schema.org","@graph":[{"@type":"WebPage","@id":"https:\/\/jeanlucwolff.com\/es\/cv\/","url":"https:\/\/jeanlucwolff.com\/es\/cv\/","name":"CV &#183; Jean-Luc Wolff","isPartOf":{"@id":"https:\/\/jeanlucwolff.com\/es\/#website"},"datePublished":"2015-02-27T21:52:19+00:00","dateModified":"2025-06-05T21:08:32+00:00","breadcrumb":{"@id":"https:\/\/jeanlucwolff.com\/es\/cv\/#breadcrumb"},"inLanguage":"es","potentialAction":[{"@type":"ReadAction","target":["https:\/\/jeanlucwolff.com\/es\/cv\/"]}]},{"@type":"BreadcrumbList","@id":"https:\/\/jeanlucwolff.com\/es\/cv\/#breadcrumb","itemListElement":[{"@type":"ListItem","position":1,"name":"Inicio","item":"https:\/\/jeanlucwolff.com\/es\/"},{"@type":"ListItem","position":2,"name":"CV"}]},{"@type":"WebSite","@id":"https:\/\/jeanlucwolff.com\/es\/#website","url":"https:\/\/jeanlucwolff.com\/es\/","name":"Jean-Luc Wolff","description":"Photography","publisher":{"@id":"https:\/\/jeanlucwolff.com\/es\/#\/schema\/person\/5f5482fb52f206c6e06f1d98498c00c7"},"potentialAction":[{"@type":"SearchAction","target":{"@type":"EntryPoint","urlTemplate":"https:\/\/jeanlucwolff.com\/es\/?s={search_term_string}"},"query-input":{"@type":"PropertyValueSpecification","valueRequired":true,"valueName":"search_term_string"}}],"inLanguage":"es"},{"@type":["Person","Organization"],"@id":"https:\/\/jeanlucwolff.com\/es\/#\/schema\/person\/5f5482fb52f206c6e06f1d98498c00c7","name":"Jean-Luc Wolff","image":{"@type":"ImageObject","inLanguage":"es","@id":"https:\/\/jeanlucwolff.com\/wp-content\/uploads\/2023\/12\/logo-color-gris-157.jpg","url":"https:\/\/jeanlucwolff.com\/wp-content\/uploads\/2023\/12\/logo-color-gris-157.jpg","contentUrl":"https:\/\/jeanlucwolff.com\/wp-content\/uploads\/2023\/12\/logo-color-gris-157.jpg","width":157,"height":157,"caption":"Jean-Luc Wolff"},"logo":{"@id":"https:\/\/jeanlucwolff.com\/wp-content\/uploads\/2023\/12\/logo-color-gris-157.jpg"},"sameAs":["https:\/\/jeanlucwolff.com","https:\/\/www.facebook.com\/JeanLucWolffPhotographe","https:\/\/www.instagram.com\/jeanlucwolffphoto\/","https:\/\/www.linkedin.com\/in\/jean-luc-wolff-85a87643\/","https:\/\/x.com\/jeanlucwolff"]}]}},"_links":{"self":[{"href":"https:\/\/jeanlucwolff.com\/es\/wp-json\/wp\/v2\/pages\/10618","targetHints":{"allow":["GET"]}}],"collection":[{"href":"https:\/\/jeanlucwolff.com\/es\/wp-json\/wp\/v2\/pages"}],"about":[{"href":"https:\/\/jeanlucwolff.com\/es\/wp-json\/wp\/v2\/types\/page"}],"author":[{"embeddable":true,"href":"https:\/\/jeanlucwolff.com\/es\/wp-json\/wp\/v2\/users\/1"}],"replies":[{"embeddable":true,"href":"https:\/\/jeanlucwolff.com\/es\/wp-json\/wp\/v2\/comments?post=10618"}],"version-history":[{"count":3,"href":"https:\/\/jeanlucwolff.com\/es\/wp-json\/wp\/v2\/pages\/10618\/revisions"}],"predecessor-version":[{"id":10974,"href":"https:\/\/jeanlucwolff.com\/es\/wp-json\/wp\/v2\/pages\/10618\/revisions\/10974"}],"wp:attachment":[{"href":"https:\/\/jeanlucwolff.com\/es\/wp-json\/wp\/v2\/media?parent=10618"}],"curies":[{"name":"wp","href":"https:\/\/api.w.org\/{rel}","templated":true}]}}